{"id":13336,"date":"2021-10-05T12:21:48","date_gmt":"2021-10-05T10:21:48","guid":{"rendered":"https:\/\/pierreguillaumeparis.com\/perfume\/les-racines-du-male\/"},"modified":"2021-10-07T13:36:35","modified_gmt":"2021-10-07T11:36:35","slug":"les-racines-du-male","status":"publish","type":"product","link":"https:\/\/pierreguillaumeparis.com\/en\/perfume\/les-racines-du-male\/","title":{"rendered":"LES RACINES DU M\u00c2LE"},"content":{"rendered":"<h4><strong>LES RACINES DU M\u00c2LE<br \/>\n<\/strong><\/h4>\n<h5><strong>Woody &#8211; Ambery Leathery<\/strong><\/h5>\n<p>&nbsp;<\/p>\n<p><strong>Les Racines du M\u00e2le<\/strong> is a <strong>mystical, venomous vetiver<\/strong> that rises into a c<strong>omplex, resinous, warm and amber woody vapour<\/strong>. <strong>After the 15 weeks of maceration<\/strong> necessary for each of the materials making up the fragrance <strong>to fully reveal their beauty and power<\/strong>, <strong>a metamorphosis takes place<\/strong>.<\/p>\n<p><strong>In the middle of the vetiver roots grew leather roots.<\/strong><\/p>\n<p>The product of <strong>an olfactory autogenesis<\/strong>, a chimerical note that the perfumer neither conceived nor anticipated, this unexpected &#8220;leathery wave&#8221; extends like a shadow over the composition, bringing it <strong>elegance<\/strong> and <strong>mystery<\/strong>.<\/p>\n<p><em><a href=\"https:\/\/pierreguillaumeparis.com\/en\/facette-parfum\/urban\/\">Vetiver,<\/a> <a href=\"https:\/\/pierreguillaumeparis.com\/en\/facette-parfum\/leather\/\">Leather,<\/a> <a href=\"https:\/\/pierreguillaumeparis.com\/en\/facette-parfum\/full-bodied\/\">Incense and Tar Vapour<\/a>, <a href=\"https:\/\/pierreguillaumeparis.com\/en\/facette-parfum\/woody\/\">Guaiac<\/a><\/em><\/p>\n<p><strong><a href=\"https:\/\/pierreguillaumeparis.com\/en\/collection-parfum\/perfumes-en\/contemplation-en\/\">PIERRE GUILLAUME CONTEMPLATION<\/a> \u2013 Limited distribution: in selected points of sale only.<\/strong><\/p>\n","protected":false},"excerpt":{"rendered":"<p>Vetiver, Leather, Incense and Tar Vapour, Guaiac<\/p>\n","protected":false},"featured_media":13140,"template":"","meta":{"_acf_changed":false,"footnotes":""},"product_brand":[],"product_cat":[348,42],"product_tag":[190,176,175,170,196,202,216,166,162],"class_list":{"0":"post-13336","1":"product","2":"type-product","3":"status-publish","4":"has-post-thumbnail","6":"product_cat-contemplation-en","7":"product_cat-perfumes-en","8":"product_tag-dressy","9":"product_tag-enfolding","10":"product_tag-incense","11":"product_tag-leather","12":"product_tag-lightly","13":"product_tag-powder","14":"product_tag-urban","15":"product_tag-warm","16":"product_tag-woody","17":"pa_contenance-100ml-en","18":"pa_contenance-50ml-en","20":"first","21":"instock","22":"taxable","23":"shipping-taxable","24":"purchasable","25":"product-type-variable"},"acf":[],"yoast_head":"<!-- This site is optimized with the Yoast SEO plugin v26.3 - https:\/\/yoast.com\/wordpress\/plugins\/seo\/ -->\n<title>Les Racines du M\u00e2le parfum urbain, v\u00e9tiver, Cuir, Encens, Ga\u00efac<\/title>\n<meta name=\"description\" content=\"D\u00e9couvrez le parfum Les Racines du M\u00e2le de Pierre Guillaume Paris aux effluves urbaines de V\u00e9tiver, Cuir, Ga\u00efac, vapeur d&#039;encens et goudron.\" \/>\n<meta name=\"robots\" content=\"index, follow, max-snippet:-1, max-image-preview:large, max-video-preview:-1\" \/>\n<link rel=\"canonical\" href=\"https:\/\/pierreguillaumeparis.com\/en\/perfume\/les-racines-du-male\/\" \/>\n<meta property=\"og:locale\" content=\"en_US\" \/>\n<meta property=\"og:type\" content=\"article\" \/>\n<meta property=\"og:title\" content=\"Les Racines du M\u00e2le parfum urbain, v\u00e9tiver, Cuir, Encens, Ga\u00efac\" \/>\n<meta property=\"og:description\" content=\"D\u00e9couvrez le parfum Les Racines du M\u00e2le de Pierre Guillaume Paris aux effluves urbaines de V\u00e9tiver, Cuir, Ga\u00efac, vapeur d&#039;encens et goudron.\" \/>\n<meta property=\"og:url\" content=\"https:\/\/pierreguillaumeparis.com\/en\/perfume\/les-racines-du-male\/\" \/>\n<meta property=\"og:site_name\" content=\"Pierre Guillaume Paris\" \/>\n<meta property=\"article:publisher\" content=\"https:\/\/www.facebook.com\/pierreguillaumeparis\/\" \/>\n<meta property=\"article:modified_time\" content=\"2021-10-07T11:36:35+00:00\" \/>\n<meta property=\"og:image\" content=\"https:\/\/pierreguillaumeparis.com\/app\/uploads\/2021\/10\/PIERRE_GUILLAUME_PARIS_PARFUM_CONTEMPLATION_LES_RACINES_DU_MALE_100ML.png\" \/>\n\t<meta property=\"og:image:width\" content=\"1200\" \/>\n\t<meta property=\"og:image:height\" content=\"1200\" \/>\n\t<meta property=\"og:image:type\" content=\"image\/png\" \/>\n<meta name=\"twitter:card\" content=\"summary_large_image\" \/>\n<meta name=\"twitter:label1\" content=\"Est. reading time\" \/>\n\t<meta name=\"twitter:data1\" content=\"1 minute\" \/>\n<script type=\"application\/ld+json\" class=\"yoast-schema-graph\">{\"@context\":\"https:\/\/schema.org\",\"@graph\":[{\"@type\":\"WebPage\",\"@id\":\"https:\/\/pierreguillaumeparis.com\/en\/perfume\/les-racines-du-male\/\",\"url\":\"https:\/\/pierreguillaumeparis.com\/en\/perfume\/les-racines-du-male\/\",\"name\":\"Les Racines du M\u00e2le parfum urbain, v\u00e9tiver, Cuir, Encens, Ga\u00efac\",\"isPartOf\":{\"@id\":\"https:\/\/pierreguillaumeparis.com\/#website\"},\"primaryImageOfPage\":{\"@id\":\"https:\/\/pierreguillaumeparis.com\/en\/perfume\/les-racines-du-male\/#primaryimage\"},\"image\":{\"@id\":\"https:\/\/pierreguillaumeparis.com\/en\/perfume\/les-racines-du-male\/#primaryimage\"},\"thumbnailUrl\":\"https:\/\/pierreguillaumeparis.com\/app\/uploads\/2021\/10\/PIERRE_GUILLAUME_PARIS_PARFUM_CONTEMPLATION_LES_RACINES_DU_MALE_100ML.png\",\"datePublished\":\"2021-10-05T10:21:48+00:00\",\"dateModified\":\"2021-10-07T11:36:35+00:00\",\"description\":\"D\u00e9couvrez le parfum Les Racines du M\u00e2le de Pierre Guillaume Paris aux effluves urbaines de V\u00e9tiver, Cuir, Ga\u00efac, vapeur d'encens et goudron.\",\"breadcrumb\":{\"@id\":\"https:\/\/pierreguillaumeparis.com\/en\/perfume\/les-racines-du-male\/#breadcrumb\"},\"inLanguage\":\"en-US\",\"potentialAction\":[{\"@type\":\"ReadAction\",\"target\":[\"https:\/\/pierreguillaumeparis.com\/en\/perfume\/les-racines-du-male\/\"]}]},{\"@type\":\"ImageObject\",\"inLanguage\":\"en-US\",\"@id\":\"https:\/\/pierreguillaumeparis.com\/en\/perfume\/les-racines-du-male\/#primaryimage\",\"url\":\"https:\/\/pierreguillaumeparis.com\/app\/uploads\/2021\/10\/PIERRE_GUILLAUME_PARIS_PARFUM_CONTEMPLATION_LES_RACINES_DU_MALE_100ML.png\",\"contentUrl\":\"https:\/\/pierreguillaumeparis.com\/app\/uploads\/2021\/10\/PIERRE_GUILLAUME_PARIS_PARFUM_CONTEMPLATION_LES_RACINES_DU_MALE_100ML.png\",\"width\":1200,\"height\":1200,\"caption\":\"Contemplation Collection, Bottle 100 ml, Les Racines du M\u00e2le urban fragrance, vetiver, Leather, Incense Vapor & Gourdon, Ga\u00efac\"},{\"@type\":\"BreadcrumbList\",\"@id\":\"https:\/\/pierreguillaumeparis.com\/en\/perfume\/les-racines-du-male\/#breadcrumb\",\"itemListElement\":[{\"@type\":\"ListItem\",\"position\":1,\"name\":\"Home\",\"item\":\"https:\/\/pierreguillaumeparis.com\/en\/\"},{\"@type\":\"ListItem\",\"position\":2,\"name\":\"Shop\",\"item\":\"https:\/\/pierreguillaumeparis.com\/en\/shop-perfume\/\"},{\"@type\":\"ListItem\",\"position\":3,\"name\":\"LES RACINES DU M\u00c2LE\"}]},{\"@type\":\"WebSite\",\"@id\":\"https:\/\/pierreguillaumeparis.com\/#website\",\"url\":\"https:\/\/pierreguillaumeparis.com\/\",\"name\":\"Pierre Guillaume Paris\",\"description\":\"Maison de parfum ind\u00e9pendante\",\"publisher\":{\"@id\":\"https:\/\/pierreguillaumeparis.com\/#organization\"},\"potentialAction\":[{\"@type\":\"SearchAction\",\"target\":{\"@type\":\"EntryPoint\",\"urlTemplate\":\"https:\/\/pierreguillaumeparis.com\/?s={search_term_string}\"},\"query-input\":{\"@type\":\"PropertyValueSpecification\",\"valueRequired\":true,\"valueName\":\"search_term_string\"}}],\"inLanguage\":\"en-US\"},{\"@type\":\"Organization\",\"@id\":\"https:\/\/pierreguillaumeparis.com\/#organization\",\"name\":\"Pierre Guillaume Paris\",\"url\":\"https:\/\/pierreguillaumeparis.com\/\",\"logo\":{\"@type\":\"ImageObject\",\"inLanguage\":\"en-US\",\"@id\":\"https:\/\/pierreguillaumeparis.com\/#\/schema\/logo\/image\/\",\"url\":\"https:\/\/pierreguillaumeparis.com\/app\/uploads\/2020\/03\/2000x2000.jpeg\",\"contentUrl\":\"https:\/\/pierreguillaumeparis.com\/app\/uploads\/2020\/03\/2000x2000.jpeg\",\"width\":2000,\"height\":766,\"caption\":\"Pierre Guillaume Paris\"},\"image\":{\"@id\":\"https:\/\/pierreguillaumeparis.com\/#\/schema\/logo\/image\/\"},\"sameAs\":[\"https:\/\/www.facebook.com\/pierreguillaumeparis\/\",\"https:\/\/www.instagram.com\/pierreguillaume_parfumeur\/\"]}]}<\/script>\n<!-- \/ Yoast SEO plugin. -->","yoast_head_json":{"title":"Les Racines du M\u00e2le parfum urbain, v\u00e9tiver, Cuir, Encens, Ga\u00efac","description":"D\u00e9couvrez le parfum Les Racines du M\u00e2le de Pierre Guillaume Paris aux effluves urbaines de V\u00e9tiver, Cuir, Ga\u00efac, vapeur d'encens et goudron.","robots":{"index":"index","follow":"follow","max-snippet":"max-snippet:-1","max-image-preview":"max-image-preview:large","max-video-preview":"max-video-preview:-1"},"canonical":"https:\/\/pierreguillaumeparis.com\/en\/perfume\/les-racines-du-male\/","og_locale":"en_US","og_type":"article","og_title":"Les Racines du M\u00e2le parfum urbain, v\u00e9tiver, Cuir, Encens, Ga\u00efac","og_description":"D\u00e9couvrez le parfum Les Racines du M\u00e2le de Pierre Guillaume Paris aux effluves urbaines de V\u00e9tiver, Cuir, Ga\u00efac, vapeur d'encens et goudron.","og_url":"https:\/\/pierreguillaumeparis.com\/en\/perfume\/les-racines-du-male\/","og_site_name":"Pierre Guillaume Paris","article_publisher":"https:\/\/www.facebook.com\/pierreguillaumeparis\/","article_modified_time":"2021-10-07T11:36:35+00:00","og_image":[{"width":1200,"height":1200,"url":"https:\/\/pierreguillaumeparis.com\/app\/uploads\/2021\/10\/PIERRE_GUILLAUME_PARIS_PARFUM_CONTEMPLATION_LES_RACINES_DU_MALE_100ML.png","type":"image\/png"}],"twitter_card":"summary_large_image","twitter_misc":{"Est. reading time":"1 minute"},"schema":{"@context":"https:\/\/schema.org","@graph":[{"@type":"WebPage","@id":"https:\/\/pierreguillaumeparis.com\/en\/perfume\/les-racines-du-male\/","url":"https:\/\/pierreguillaumeparis.com\/en\/perfume\/les-racines-du-male\/","name":"Les Racines du M\u00e2le parfum urbain, v\u00e9tiver, Cuir, Encens, Ga\u00efac","isPartOf":{"@id":"https:\/\/pierreguillaumeparis.com\/#website"},"primaryImageOfPage":{"@id":"https:\/\/pierreguillaumeparis.com\/en\/perfume\/les-racines-du-male\/#primaryimage"},"image":{"@id":"https:\/\/pierreguillaumeparis.com\/en\/perfume\/les-racines-du-male\/#primaryimage"},"thumbnailUrl":"https:\/\/pierreguillaumeparis.com\/app\/uploads\/2021\/10\/PIERRE_GUILLAUME_PARIS_PARFUM_CONTEMPLATION_LES_RACINES_DU_MALE_100ML.png","datePublished":"2021-10-05T10:21:48+00:00","dateModified":"2021-10-07T11:36:35+00:00","description":"D\u00e9couvrez le parfum Les Racines du M\u00e2le de Pierre Guillaume Paris aux effluves urbaines de V\u00e9tiver, Cuir, Ga\u00efac, vapeur d'encens et goudron.","breadcrumb":{"@id":"https:\/\/pierreguillaumeparis.com\/en\/perfume\/les-racines-du-male\/#breadcrumb"},"inLanguage":"en-US","potentialAction":[{"@type":"ReadAction","target":["https:\/\/pierreguillaumeparis.com\/en\/perfume\/les-racines-du-male\/"]}]},{"@type":"ImageObject","inLanguage":"en-US","@id":"https:\/\/pierreguillaumeparis.com\/en\/perfume\/les-racines-du-male\/#primaryimage","url":"https:\/\/pierreguillaumeparis.com\/app\/uploads\/2021\/10\/PIERRE_GUILLAUME_PARIS_PARFUM_CONTEMPLATION_LES_RACINES_DU_MALE_100ML.png","contentUrl":"https:\/\/pierreguillaumeparis.com\/app\/uploads\/2021\/10\/PIERRE_GUILLAUME_PARIS_PARFUM_CONTEMPLATION_LES_RACINES_DU_MALE_100ML.png","width":1200,"height":1200,"caption":"Contemplation Collection, Bottle 100 ml, Les Racines du M\u00e2le urban fragrance, vetiver, Leather, Incense Vapor & Gourdon, Ga\u00efac"},{"@type":"BreadcrumbList","@id":"https:\/\/pierreguillaumeparis.com\/en\/perfume\/les-racines-du-male\/#breadcrumb","itemListElement":[{"@type":"ListItem","position":1,"name":"Home","item":"https:\/\/pierreguillaumeparis.com\/en\/"},{"@type":"ListItem","position":2,"name":"Shop","item":"https:\/\/pierreguillaumeparis.com\/en\/shop-perfume\/"},{"@type":"ListItem","position":3,"name":"LES RACINES DU M\u00c2LE"}]},{"@type":"WebSite","@id":"https:\/\/pierreguillaumeparis.com\/#website","url":"https:\/\/pierreguillaumeparis.com\/","name":"Pierre Guillaume Paris","description":"Maison de parfum ind\u00e9pendante","publisher":{"@id":"https:\/\/pierreguillaumeparis.com\/#organization"},"potentialAction":[{"@type":"SearchAction","target":{"@type":"EntryPoint","urlTemplate":"https:\/\/pierreguillaumeparis.com\/?s={search_term_string}"},"query-input":{"@type":"PropertyValueSpecification","valueRequired":true,"valueName":"search_term_string"}}],"inLanguage":"en-US"},{"@type":"Organization","@id":"https:\/\/pierreguillaumeparis.com\/#organization","name":"Pierre Guillaume Paris","url":"https:\/\/pierreguillaumeparis.com\/","logo":{"@type":"ImageObject","inLanguage":"en-US","@id":"https:\/\/pierreguillaumeparis.com\/#\/schema\/logo\/image\/","url":"https:\/\/pierreguillaumeparis.com\/app\/uploads\/2020\/03\/2000x2000.jpeg","contentUrl":"https:\/\/pierreguillaumeparis.com\/app\/uploads\/2020\/03\/2000x2000.jpeg","width":2000,"height":766,"caption":"Pierre Guillaume Paris"},"image":{"@id":"https:\/\/pierreguillaumeparis.com\/#\/schema\/logo\/image\/"},"sameAs":["https:\/\/www.facebook.com\/pierreguillaumeparis\/","https:\/\/www.instagram.com\/pierreguillaume_parfumeur\/"]}]}},"_links":{"self":[{"href":"https:\/\/pierreguillaumeparis.com\/en\/wp-json\/wp\/v2\/product\/13336","targetHints":{"allow":["GET"]}}],"collection":[{"href":"https:\/\/pierreguillaumeparis.com\/en\/wp-json\/wp\/v2\/product"}],"about":[{"href":"https:\/\/pierreguillaumeparis.com\/en\/wp-json\/wp\/v2\/types\/product"}],"version-history":[{"count":1,"href":"https:\/\/pierreguillaumeparis.com\/en\/wp-json\/wp\/v2\/product\/13336\/revisions"}],"predecessor-version":[{"id":13339,"href":"https:\/\/pierreguillaumeparis.com\/en\/wp-json\/wp\/v2\/product\/13336\/revisions\/13339"}],"wp:featuredmedia":[{"embeddable":true,"href":"https:\/\/pierreguillaumeparis.com\/en\/wp-json\/wp\/v2\/media\/13140"}],"wp:attachment":[{"href":"https:\/\/pierreguillaumeparis.com\/en\/wp-json\/wp\/v2\/media?parent=13336"}],"wp:term":[{"taxonomy":"product_brand","embeddable":true,"href":"https:\/\/pierreguillaumeparis.com\/en\/wp-json\/wp\/v2\/product_brand?post=13336"},{"taxonomy":"product_cat","embeddable":true,"href":"https:\/\/pierreguillaumeparis.com\/en\/wp-json\/wp\/v2\/product_cat?post=13336"},{"taxonomy":"product_tag","embeddable":true,"href":"https:\/\/pierreguillaumeparis.com\/en\/wp-json\/wp\/v2\/product_tag?post=13336"}],"curies":[{"name":"wp","href":"https:\/\/api.w.org\/{rel}","templated":true}]}}